{"id":1189,"date":"2023-08-02T16:31:10","date_gmt":"2023-08-02T14:31:10","guid":{"rendered":"https:\/\/fundacjawieluserc.pl\/?page_id=1189"},"modified":"2025-04-03T09:54:13","modified_gmt":"2025-04-03T07:54:13","slug":"aktualnosci-2","status":"publish","type":"page","link":"https:\/\/fundacjawieluserc.pl\/","title":{"rendered":"Aktualno\u015bci 2"},"content":{"rendered":"<div class=\"wp-block-cover alignwide is-light\" style=\"min-height:752px;aspect-ratio:unset;\"><span aria-hidden=\"true\" class=\"wp-block-cover__background has-background-dim-0 has-background-dim\"><\/span><img loading=\"lazy\" decoding=\"async\" width=\"1366\" height=\"768\" class=\"wp-block-cover__image-background wp-image-1457\" alt=\"\" src=\"https:\/\/fundacjawieluserc.pl\/wp-content\/uploads\/2023\/11\/na-strone-fundacji.png\" data-object-fit=\"cover\" srcset=\"https:\/\/fundacjawieluserc.pl\/wp-content\/uploads\/2023\/11\/na-strone-fundacji.png 1366w, https:\/\/fundacjawieluserc.pl\/wp-content\/uploads\/2023\/11\/na-strone-fundacji-600x337.png 600w, https:\/\/fundacjawieluserc.pl\/wp-content\/uploads\/2023\/11\/na-strone-fundacji-300x169.png 300w, https:\/\/fundacjawieluserc.pl\/wp-content\/uploads\/2023\/11\/na-strone-fundacji-1024x576.png 1024w, https:\/\/fundacjawieluserc.pl\/wp-content\/uploads\/2023\/11\/na-strone-fundacji-768x432.png 768w\" sizes=\"auto, (max-width: 1366px) 100vw, 1366px\" \/><div class=\"wp-block-cover__inner-container is-layout-constrained wp-block-cover-is-layout-constrained\"><p class=\"has-text-align-center has-palette-color-4-color has-text-color has-link-color has-large-font-size wp-elements-2d98636b779778fc7a47b427e4f521ad\">My\u015bli&#8230;.<\/p>\n\n<figure class=\"wp-block-pullquote has-medium-font-size\"><blockquote><p>My\u015bli nie mog\u0105 by\u0107 za ciasno, trzeba je przesadza\u0107 jak ro\u015bliny, bo jak nie to b\u0119dziesz smutny i przygn\u0119biony, \u017ce nie mo\u017cesz spe\u0142nia\u0107 swoich marze\u0144 i swoich melodii. My\u015bli nie mo\u017cna k\u0142\u0119bi\u0107 i zamyka\u0107 w sobie, nie wolno si\u0119 ogranicza\u0107. <\/p><cite>Trzeba je &#8222;puuuum&#8221; wypu\u015bci\u0107 (bo jest ich za du\u017co), \u017ceby mog\u0142y by\u0107 wolne, wtedy b\u0119dziesz szcz\u0119\u015bliwszy i b\u0119dziesz m\u00f3g\u0142 by\u0107 sob\u0105.  <br>A my\u015bli uszami nie wyjd\u0105. Ha ha ha!<\/cite><\/blockquote><\/figure>\n\n<div class=\"wp-block-buttons is-layout-flex wp-container-core-buttons-is-layout-9bedd9bf wp-block-buttons-is-layout-flex\"><div class=\"wp-block-button\"><a class=\"wp-block-button__link has-text-align-left wp-element-button\" style=\"padding-top:0;padding-bottom:0\">My\u015bl M\u0142odej Poetki, lat 6, po pierwszym spotkaniu warsztatowym &#8222;S\u0142owa u\u0142o\u017cone&#8221;<\/a><\/div><\/div>\n\n<div style=\"height:86px\" aria-hidden=\"true\" class=\"wp-block-spacer\"><\/div>\n\n<div class=\"wp-block-buttons is-layout-flex wp-container-core-buttons-is-layout-9bedd9bf wp-block-buttons-is-layout-flex\"><div class=\"wp-block-button is-style-fill\"><a class=\"wp-block-button__link has-palette-color-3-background-color has-background wp-element-button\" href=\"https:\/\/fundacjawieluserc.pl\/index.php\/2023\/09\/29\/warsztaty-slowa-ulozone\/\">Dowiedz si\u0119 wi\u0119cej<\/a><\/div><\/div><\/div><\/div><h2 class=\"wp-block-heading\">Wydarzenia:<\/h2><ul class=\"wp-block-latest-posts__list has-dates alignwide wp-block-latest-posts has-medium-font-size\"><li><div class=\"wp-block-latest-posts__featured-image alignleft\"><img loading=\"lazy\" decoding=\"async\" width=\"212\" height=\"300\" src=\"https:\/\/fundacjawieluserc.pl\/wp-content\/uploads\/2026\/04\/Poezja-kobiet-1-3-212x300.jpg\" class=\"attachment-medium size-medium wp-post-image\" alt=\"\" style=\"\" srcset=\"https:\/\/fundacjawieluserc.pl\/wp-content\/uploads\/2026\/04\/Poezja-kobiet-1-3-212x300.jpg 212w, https:\/\/fundacjawieluserc.pl\/wp-content\/uploads\/2026\/04\/Poezja-kobiet-1-3-724x1024.jpg 724w, https:\/\/fundacjawieluserc.pl\/wp-content\/uploads\/2026\/04\/Poezja-kobiet-1-3-768x1086.jpg 768w, https:\/\/fundacjawieluserc.pl\/wp-content\/uploads\/2026\/04\/Poezja-kobiet-1-3-1086x1536.jpg 1086w, https:\/\/fundacjawieluserc.pl\/wp-content\/uploads\/2026\/04\/Poezja-kobiet-1-3-1448x2048.jpg 1448w, https:\/\/fundacjawieluserc.pl\/wp-content\/uploads\/2026\/04\/Poezja-kobiet-1-3-600x849.jpg 600w, https:\/\/fundacjawieluserc.pl\/wp-content\/uploads\/2026\/04\/Poezja-kobiet-1-3.jpg 1587w\" sizes=\"auto, (max-width: 212px) 100vw, 212px\" \/><\/div><a class=\"wp-block-latest-posts__post-title\" href=\"https:\/\/fundacjawieluserc.pl\/index.php\/2026\/04\/25\/100-lecie-polskiej-poezji-kobiet-od-kazimiery-illakowiczowny-do-urszuli-koziol-30-kwietnia-2026-r-bialoleka\/\">&#8222;100-lecie polskiej poezji kobiet&#8221;. Od Kazimiery I\u0142\u0142akowicz\u00f3wny do Urszuli Kozio\u0142. 30 kwietnia 2026 r. Bia\u0142o\u0142\u0119ka.<\/a><time datetime=\"2026-04-25T12:31:47+02:00\" class=\"wp-block-latest-posts__post-date\">25 kwietnia 2026<\/time><div class=\"wp-block-latest-posts__post-excerpt\">S\u0105 s\u0142owa, kt\u00f3re rodz\u0105 si\u0119 z ciszyi takie, kt\u00f3re przebijaj\u0105 si\u0119 przez ni\u0105 jak \u015bwiat\u0142o.S\u0105 wiersze, kt\u00f3re nie pytaj\u0105 o zgod\u0119 &#8211;tylko zostaj\u0105 w cz\u0142owieku na d\u0142ugo. Zapraszamy na wyj\u0105tkowe spotkanie literackie,w kt\u00f3rym przez poezj\u0119 kobiet spr\u00f3bujemy us\u0142ysze\u0107 wi\u0119cej &#8211;wi\u0119cej emocji, wi\u0119cej prawdy, wi\u0119cej \u017cycia. \u201e100-lecie polskiej poezji kobiet\u201dto opowie\u015b\u0107 rozpisana na sto lat wra\u017cliwo\u015bci &#8211;od subtelnych i przenikliwych wers\u00f3w Kazimiery I\u0142\u0142akowicz\u00f3wny,po dojrza\u0142y, \u015bwiadomy i niezwykle poruszaj\u0105cy g\u0142os Urszuli Kozio\u0142. To spotkanie z kobiecym do\u015bwiadczeniem zapisanym w s\u0142owie &#8211;z mi\u0142o\u015bci\u0105\u2026 <a class=\"wp-block-latest-posts__read-more\" href=\"https:\/\/fundacjawieluserc.pl\/index.php\/2026\/04\/25\/100-lecie-polskiej-poezji-kobiet-od-kazimiery-illakowiczowny-do-urszuli-koziol-30-kwietnia-2026-r-bialoleka\/\" rel=\"noopener noreferrer\">Dowiedz si\u0119 wi\u0119cej<span class=\"screen-reader-text\">: &#8222;100-lecie polskiej poezji kobiet&#8221;. Od Kazimiery I\u0142\u0142akowicz\u00f3wny do Urszuli Kozio\u0142. 30 kwietnia 2026 r. Bia\u0142o\u0142\u0119ka.<\/span><\/a><\/div><\/li>\n<li><div class=\"wp-block-latest-posts__featured-image alignleft\"><img loading=\"lazy\" decoding=\"async\" width=\"212\" height=\"300\" src=\"https:\/\/fundacjawieluserc.pl\/wp-content\/uploads\/2026\/04\/100-lecie-polskiej-poezji-kobiet-Rozlogi-1-212x300.jpg\" class=\"attachment-medium size-medium wp-post-image\" alt=\"\" style=\"\" srcset=\"https:\/\/fundacjawieluserc.pl\/wp-content\/uploads\/2026\/04\/100-lecie-polskiej-poezji-kobiet-Rozlogi-1-212x300.jpg 212w, https:\/\/fundacjawieluserc.pl\/wp-content\/uploads\/2026\/04\/100-lecie-polskiej-poezji-kobiet-Rozlogi-1-724x1024.jpg 724w, https:\/\/fundacjawieluserc.pl\/wp-content\/uploads\/2026\/04\/100-lecie-polskiej-poezji-kobiet-Rozlogi-1-768x1086.jpg 768w, https:\/\/fundacjawieluserc.pl\/wp-content\/uploads\/2026\/04\/100-lecie-polskiej-poezji-kobiet-Rozlogi-1-1086x1536.jpg 1086w, https:\/\/fundacjawieluserc.pl\/wp-content\/uploads\/2026\/04\/100-lecie-polskiej-poezji-kobiet-Rozlogi-1-1448x2048.jpg 1448w, https:\/\/fundacjawieluserc.pl\/wp-content\/uploads\/2026\/04\/100-lecie-polskiej-poezji-kobiet-Rozlogi-1-600x849.jpg 600w, https:\/\/fundacjawieluserc.pl\/wp-content\/uploads\/2026\/04\/100-lecie-polskiej-poezji-kobiet-Rozlogi-1.jpg 1587w\" sizes=\"auto, (max-width: 212px) 100vw, 212px\" \/><\/div><a class=\"wp-block-latest-posts__post-title\" href=\"https:\/\/fundacjawieluserc.pl\/index.php\/2026\/04\/25\/100-lecie-polskiej-poezji-kobiet-od-kazimiery-illakowiczowny-do-urszuli-koziol-29-kwietnia-2026-r-bemowo\/\">&#8222;100-lecie polskiej poezji kobiet&#8221;. Od Kazimiery I\u0142\u0142akowicz\u00f3wny do Urszuli Kozio\u0142. 29 kwietnia 2026 r. Bemowo.<\/a><time datetime=\"2026-04-25T12:23:24+02:00\" class=\"wp-block-latest-posts__post-date\">25 kwietnia 2026<\/time><div class=\"wp-block-latest-posts__post-excerpt\">S\u0105 g\u0142osy, kt\u00f3re nie milkn\u0105.Nawet wtedy, gdy zamykamy ksi\u0105\u017ck\u0119.S\u0105 s\u0142owa, kt\u00f3re nie przemijaj\u0105 &#8211; bo zosta\u0142y zapisane nie tylko atramentem,ale do\u015bwiadczeniem, czu\u0142o\u015bci\u0105 i buntem. Zapraszamy na wiecz\u00f3r, w kt\u00f3rym poezja kobiet stanie si\u0119 przestrzeni\u0105 spotkania &#8211; z histori\u0105, z emocj\u0105, z drugim cz\u0142owiekiem. \u201e100-lecie polskiej poezji kobiet\u201dto podr\u00f3\u017c przez czas i wra\u017cliwo\u015b\u0107 &#8211; od subtelnej i przenikliwej Kazimiery I\u0142\u0142akowicz\u00f3wny,przez zmys\u0142owo\u015b\u0107 i lekko\u015b\u0107 Marii Pawlikowskiej-Jasnorzewskiej,po g\u0142\u0119boki, cz\u0119sto bezkompromisowy g\u0142os wsp\u00f3\u0142czesno\u015bci Urszuli Kozio\u0142. To opowie\u015b\u0107 o \u015bwiecie widzianym oczami kobiet &#8211; pe\u0142nym\u2026 <a class=\"wp-block-latest-posts__read-more\" href=\"https:\/\/fundacjawieluserc.pl\/index.php\/2026\/04\/25\/100-lecie-polskiej-poezji-kobiet-od-kazimiery-illakowiczowny-do-urszuli-koziol-29-kwietnia-2026-r-bemowo\/\" rel=\"noopener noreferrer\">Dowiedz si\u0119 wi\u0119cej<span class=\"screen-reader-text\">: &#8222;100-lecie polskiej poezji kobiet&#8221;. Od Kazimiery I\u0142\u0142akowicz\u00f3wny do Urszuli Kozio\u0142. 29 kwietnia 2026 r. Bemowo.<\/span><\/a><\/div><\/li>\n<\/ul><h2 class=\"wp-block-heading\">Wcze\u015bniejsze wydarzenia:<\/h2><ul class=\"wp-block-latest-posts__list has-dates alignwide wp-block-latest-posts\"><li><div class=\"wp-block-latest-posts__featured-image alignleft\"><img loading=\"lazy\" decoding=\"async\" width=\"150\" height=\"150\" src=\"https:\/\/fundacjawieluserc.pl\/wp-content\/uploads\/2024\/06\/Chor-Mam-2024aa-150x150.jpg\" class=\"attachment-thumbnail size-thumbnail wp-post-image\" alt=\"\" style=\"max-width:150px;max-height:150px;\" srcset=\"https:\/\/fundacjawieluserc.pl\/wp-content\/uploads\/2024\/06\/Chor-Mam-2024aa-150x150.jpg 150w, https:\/\/fundacjawieluserc.pl\/wp-content\/uploads\/2024\/06\/Chor-Mam-2024aa-100x100.jpg 100w, https:\/\/fundacjawieluserc.pl\/wp-content\/uploads\/2024\/06\/Chor-Mam-2024aa-700x700.jpg 700w\" sizes=\"auto, (max-width: 150px) 100vw, 150px\" \/><\/div><a class=\"wp-block-latest-posts__post-title\" href=\"https:\/\/fundacjawieluserc.pl\/index.php\/2024\/06\/18\/chor-mam-na-tarchominie-2\/\">Ch\u00f3r Mam na Tarchominie &#8211; wrzesie\u0144 -grudzie\u0144 2023 r.<\/a><time datetime=\"2024-06-18T12:22:51+02:00\" class=\"wp-block-latest-posts__post-date\">18 czerwca 2024<\/time><div class=\"wp-block-latest-posts__post-excerpt\">M\u0142ode mamy poszukuj\u0105 mo\u017cliwo\u015bci wyj\u015bcia z domu i warto\u015bciowego sp\u0119dzania czasu, realizacji swoich pasji, uczestnictwa w kulturze. Ch\u00f3r Mam na Tarchominie jest tworzony w duchu rodzicielstwa blisko\u015bci, kt\u00f3re zak\u0142ada, \u017ce matka ma\u0142ego dziecka rozwija siebie, jest aktywna spo\u0142ecznie, jednocze\u015bnie b\u0119d\u0105c blisko swojego dziecka. Ch\u00f3r Mam na Tarchominie to inicjatywa, kt\u00f3ra cieszy si\u0119 wysokim zainteresowaniem m\u0142odych mam. Regularne pr\u00f3by, nauka \u015bpiewu wielog\u0142osowego, wymagaj\u0105cego uwa\u017cno\u015bci, otwarto\u015bci i prze\u0142amywania w\u0142asnych ogranicze\u0144, stwarza przestrze\u0144\u2026 <a class=\"wp-block-latest-posts__read-more\" href=\"https:\/\/fundacjawieluserc.pl\/index.php\/2024\/06\/18\/chor-mam-na-tarchominie-2\/\" rel=\"noopener noreferrer\">Dowiedz si\u0119 wi\u0119cej<span class=\"screen-reader-text\">: Ch\u00f3r Mam na Tarchominie &#8211; wrzesie\u0144 -grudzie\u0144 2023 r.<\/span><\/a><\/div><\/li>\n<li><div class=\"wp-block-latest-posts__featured-image alignleft\"><img loading=\"lazy\" decoding=\"async\" width=\"150\" height=\"150\" src=\"https:\/\/fundacjawieluserc.pl\/wp-content\/uploads\/2023\/11\/BCK3011-150x150.png\" class=\"attachment-thumbnail size-thumbnail wp-post-image\" alt=\"\" style=\"max-width:150px;max-height:150px;\" srcset=\"https:\/\/fundacjawieluserc.pl\/wp-content\/uploads\/2023\/11\/BCK3011-150x150.png 150w, https:\/\/fundacjawieluserc.pl\/wp-content\/uploads\/2023\/11\/BCK3011-100x100.png 100w, https:\/\/fundacjawieluserc.pl\/wp-content\/uploads\/2023\/11\/BCK3011-700x700.png 700w\" sizes=\"auto, (max-width: 150px) 100vw, 150px\" \/><\/div><a class=\"wp-block-latest-posts__post-title\" href=\"https:\/\/fundacjawieluserc.pl\/index.php\/2023\/11\/28\/slowa-ulozone-grzegorz-walczak\/\">&#8222;S\u0142owa u\u0142o\u017cone&#8221; &#8211; Grzegorz Walczak<\/a><time datetime=\"2023-11-28T12:40:39+01:00\" class=\"wp-block-latest-posts__post-date\">28 listopada 2023<\/time><div class=\"wp-block-latest-posts__post-excerpt\">30 listopada zapraszamy na niezapomniane warsztaty poetyckie!\u00a0Zach\u0119camy do do\u0142\u0105czenia do wyj\u0105tkowego spotkania z niezwyk\u0142ym poet\u0105, pisarzem, dramaturgiem, autorem piosenek, s\u0142uchowisk radiowych i ksi\u0105\u017cek dla dzieci, Grzegorzem Walczakiem.\u00a0 Grzegorz Walczak, jeden ze wsp\u00f3\u0142czesnych polskich poet\u00f3w, podzieli si\u0119 swoimi niezwyk\u0142ymi umiej\u0119tno\u015bciami i technikami pisarskimi, kt\u00f3re sprawi\u0105, \u017ce Twoje wiersze b\u0119d\u0105 pe\u0142ne magii.\u00a0Jest autorem takich tytu\u0142\u00f3w ksi\u0105\u017cek, jak: &#8222;Anio\u0142 ze starego miasta&#8221;, &#8222;Nim za\u015bnie Ziemia&#8221;, &#8222;Oaza&#8221;, &#8222;Pami\u0119tnik ma\u0142\u017ce\u0144ski&#8221; oraz tomik\u00f3w wierszy, &#8222;Roznami\u0119ty&#8221;, &#8222;Gdy\u2026 <a class=\"wp-block-latest-posts__read-more\" href=\"https:\/\/fundacjawieluserc.pl\/index.php\/2023\/11\/28\/slowa-ulozone-grzegorz-walczak\/\" rel=\"noopener noreferrer\">Dowiedz si\u0119 wi\u0119cej<span class=\"screen-reader-text\">: &#8222;S\u0142owa u\u0142o\u017cone&#8221; &#8211; Grzegorz Walczak<\/span><\/a><\/div><\/li>\n<li><div class=\"wp-block-latest-posts__featured-image alignleft\"><img loading=\"lazy\" decoding=\"async\" width=\"150\" height=\"150\" src=\"https:\/\/fundacjawieluserc.pl\/wp-content\/uploads\/2023\/11\/BemowoWarsztat2-150x150.png\" class=\"attachment-thumbnail size-thumbnail wp-post-image\" alt=\"\" style=\"max-width:150px;max-height:150px;\" srcset=\"https:\/\/fundacjawieluserc.pl\/wp-content\/uploads\/2023\/11\/BemowoWarsztat2-150x150.png 150w, https:\/\/fundacjawieluserc.pl\/wp-content\/uploads\/2023\/11\/BemowoWarsztat2-100x100.png 100w, https:\/\/fundacjawieluserc.pl\/wp-content\/uploads\/2023\/11\/BemowoWarsztat2-700x700.png 700w\" sizes=\"auto, (max-width: 150px) 100vw, 150px\" \/><\/div><a class=\"wp-block-latest-posts__post-title\" href=\"https:\/\/fundacjawieluserc.pl\/index.php\/2023\/11\/23\/warsztaty-slowa-ulozone-bemowo\/\">Warsztaty &#8222;S\u0142owa u\u0142o\u017cone&#8221; Bemowo<\/a><time datetime=\"2023-11-23T11:24:16+01:00\" class=\"wp-block-latest-posts__post-date\">23 listopada 2023<\/time><div class=\"wp-block-latest-posts__post-excerpt\">Odkryj swoje pi\u00f3ro i rozwijaj talent! Czy kiedykolwiek czu\u0142e\u015b, \u017ce w Twoim wn\u0119trzu drzemie nieodkryty poeta? Je\u015bli tak, to warto rozwa\u017cy\u0107 udzia\u0142 w warsztatach poetyckich!&nbsp;To idealne miejsce, aby pozna\u0107 innychpasjonat\u00f3w pisania.&nbsp;Mo\u017cesz wymienia\u0107 si\u0119 pomys\u0142ami, inspiracjami i skorzysta\u0107 z nieocenionej rady do\u015bwiadczonych poet\u00f3w.&nbsp; Wsp\u00f3lna tw\u00f3rcza energia daje Ci szans\u0119 na rozwini\u0119cie swojego warsztatu pisarskiego i szlifowanie umiej\u0119tno\u015bci.&nbsp;Warsztaty poetyckie to doskona\u0142a okazja do eksperymentowania i odkrywania nowych styl\u00f3w literackich.&nbsp;Mo\u017cesz odwiedzi\u0107 r\u00f3\u017cne \u015bwiaty\u2026 <a class=\"wp-block-latest-posts__read-more\" href=\"https:\/\/fundacjawieluserc.pl\/index.php\/2023\/11\/23\/warsztaty-slowa-ulozone-bemowo\/\" rel=\"noopener noreferrer\">Dowiedz si\u0119 wi\u0119cej<span class=\"screen-reader-text\">: Warsztaty &#8222;S\u0142owa u\u0142o\u017cone&#8221; Bemowo<\/span><\/a><\/div><\/li>\n<li><div class=\"wp-block-latest-posts__featured-image alignleft\"><img loading=\"lazy\" decoding=\"async\" width=\"150\" height=\"150\" src=\"https:\/\/fundacjawieluserc.pl\/wp-content\/uploads\/2023\/07\/Plakat-Slowa-ulozone-jasny-2-150x150.jpg\" class=\"attachment-thumbnail size-thumbnail wp-post-image\" alt=\"\" style=\"max-width:150px;max-height:150px;\" srcset=\"https:\/\/fundacjawieluserc.pl\/wp-content\/uploads\/2023\/07\/Plakat-Slowa-ulozone-jasny-2-150x150.jpg 150w, https:\/\/fundacjawieluserc.pl\/wp-content\/uploads\/2023\/07\/Plakat-Slowa-ulozone-jasny-2-100x100.jpg 100w, https:\/\/fundacjawieluserc.pl\/wp-content\/uploads\/2023\/07\/Plakat-Slowa-ulozone-jasny-2-700x700.jpg 700w, https:\/\/fundacjawieluserc.pl\/wp-content\/uploads\/2023\/07\/Plakat-Slowa-ulozone-jasny-2-800x800.jpg 800w\" sizes=\"auto, (max-width: 150px) 100vw, 150px\" \/><\/div><a class=\"wp-block-latest-posts__post-title\" href=\"https:\/\/fundacjawieluserc.pl\/index.php\/2023\/07\/17\/warsztaty-z-pisania-poezji-slowa-ulozone\/\">Warsztaty z pisania poezji &#8222;S\u0142owa u\u0142o\u017cone&#8221;<\/a><time datetime=\"2023-07-17T12:21:27+02:00\" class=\"wp-block-latest-posts__post-date\">17 lipca 2023<\/time><div class=\"wp-block-latest-posts__post-excerpt\">WARSZTATY Z PISANIA POEZJI 7 i 21 WRZE\u015aNIA Zapraszamy mieszka\u0144c\u00f3w dzielnicy Wola na warsztaty z pisania poezji. \u201eS\u0142owa u\u0142o\u017cone\u201d przeznaczone s\u0105 dla mi\u0142o\u015bnik\u00f3w poezji i literatury, dla wszystkich pisz\u0105cych, kt\u00f3rzy chcieliby podzieli\u0107 si\u0119 swoimi my\u015blami i rozwin\u0105\u0107 posiadane lub naby\u0107 zupe\u0142nie nowe umiej\u0119tno\u015bci pisarskie.&nbsp; Studiuj\u0105c wiersze wybranych poet\u00f3w, om\u00f3wione zostan\u0105 kluczowe terminy i \u015brodki poetyckie by nast\u0119pnie zacz\u0105\u0107 tworzy\u0107 w\u0142asne szkice.&nbsp; Osobisto\u015bci ze \u015bwiata poezji i literatury, Jerzy Czarnota i\u2026 <a class=\"wp-block-latest-posts__read-more\" href=\"https:\/\/fundacjawieluserc.pl\/index.php\/2023\/07\/17\/warsztaty-z-pisania-poezji-slowa-ulozone\/\" rel=\"noopener noreferrer\">Dowiedz si\u0119 wi\u0119cej<span class=\"screen-reader-text\">: Warsztaty z pisania poezji &#8222;S\u0142owa u\u0142o\u017cone&#8221;<\/span><\/a><\/div><\/li>\n<li><div class=\"wp-block-latest-posts__featured-image alignleft\"><img loading=\"lazy\" decoding=\"async\" width=\"150\" height=\"150\" src=\"https:\/\/fundacjawieluserc.pl\/wp-content\/uploads\/2023\/06\/zajawka-150x150.webp\" class=\"attachment-thumbnail size-thumbnail wp-post-image\" alt=\"\" style=\"max-width:150px;max-height:150px;\" srcset=\"https:\/\/fundacjawieluserc.pl\/wp-content\/uploads\/2023\/06\/zajawka-150x150.webp 150w, https:\/\/fundacjawieluserc.pl\/wp-content\/uploads\/2023\/06\/zajawka-100x100.webp 100w, https:\/\/fundacjawieluserc.pl\/wp-content\/uploads\/2023\/06\/zajawka-300x300.webp 300w, https:\/\/fundacjawieluserc.pl\/wp-content\/uploads\/2023\/06\/zajawka.webp 600w\" sizes=\"auto, (max-width: 150px) 100vw, 150px\" \/><\/div><a class=\"wp-block-latest-posts__post-title\" href=\"https:\/\/fundacjawieluserc.pl\/index.php\/2023\/06\/09\/piknik-z-okazji-dnia-dziecka-dziekujemy-za-wspolnie-spedzony-czas\/\">Piknik z okazji DNIA DZIECKA &#8211; Dzi\u0119kujemy za wsp\u00f3lnie sp\u0119dzony czas!<\/a><time datetime=\"2023-06-09T15:47:49+02:00\" class=\"wp-block-latest-posts__post-date\">9 czerwca 2023<\/time><div class=\"wp-block-latest-posts__post-excerpt\">Dnia 3 czerwca 2023 roku, na boisku w Strzyku\u0142ach odby\u0142 si\u0119 piknik z okazji Dnia Dziecka. Aura tego dnia dopisa\u0142a nadzwyczajnie dzi\u0119ki czemu wszyscy dobrze si\u0119 bawili \ud83d\ude42 Wszystko odby\u0142o si\u0119 bez zak\u0142\u00f3ce\u0144. Na dzieci czeka\u0142o mn\u00f3stwo atrakcji. By\u0142y dmuchane zje\u017cd\u017calnie, malowanie buziek, warsztaty malarskie na sztalugach, warsztaty mydlarskie, ba\u0144ki mydlane XXL, wata cukrowa, k\u0105cik plastyczny, k\u0105cik malucha, ponadto gry, zabawy i r\u00f3\u017cne konkurencje. O s\u0142odki pocz\u0119stunek w postaci ciast\u2026 <a class=\"wp-block-latest-posts__read-more\" href=\"https:\/\/fundacjawieluserc.pl\/index.php\/2023\/06\/09\/piknik-z-okazji-dnia-dziecka-dziekujemy-za-wspolnie-spedzony-czas\/\" rel=\"noopener noreferrer\">Dowiedz si\u0119 wi\u0119cej<span class=\"screen-reader-text\">: Piknik z okazji DNIA DZIECKA &#8211; Dzi\u0119kujemy za wsp\u00f3lnie sp\u0119dzony czas!<\/span><\/a><\/div><\/li>\n<\/ul><div class=\"simple-news-con col-3 sh-id-1\"><div id=\"post-id-1050\" class=\"simple-news-item\"><div class=\"simple-news-img-con\"><a class=\"simple-news-item-link\" href=\"https:\/\/fundacjawieluserc.pl\/index.php\/news\/poszukujemy-lektorow-jezyka-polskiego\/\"><img loading=\"lazy\" decoding=\"async\" width=\"700\" height=\"700\" src=\"https:\/\/fundacjawieluserc.pl\/wp-content\/uploads\/2023\/03\/lektor-700x700.webp\" class=\"simple-news-img-default wp-post-image\" alt=\"\" srcset=\"https:\/\/fundacjawieluserc.pl\/wp-content\/uploads\/2023\/03\/lektor-700x700.webp 700w, https:\/\/fundacjawieluserc.pl\/wp-content\/uploads\/2023\/03\/lektor-100x100.webp 100w, https:\/\/fundacjawieluserc.pl\/wp-content\/uploads\/2023\/03\/lektor-600x600.webp 600w, https:\/\/fundacjawieluserc.pl\/wp-content\/uploads\/2023\/03\/lektor-300x300.webp 300w, https:\/\/fundacjawieluserc.pl\/wp-content\/uploads\/2023\/03\/lektor-150x150.webp 150w, https:\/\/fundacjawieluserc.pl\/wp-content\/uploads\/2023\/03\/lektor-768x768.webp 768w, https:\/\/fundacjawieluserc.pl\/wp-content\/uploads\/2023\/03\/lektor-800x800.webp 800w, https:\/\/fundacjawieluserc.pl\/wp-content\/uploads\/2023\/03\/lektor.webp 900w\" sizes=\"auto, (max-width: 700px) 100vw, 700px\" \/><\/a><\/div><div class=\"simple-news-text-con\"><h4 class=\"simple-news-title\"><a class=\"simple-news-item-link\" href=\"https:\/\/fundacjawieluserc.pl\/index.php\/news\/poszukujemy-lektorow-jezyka-polskiego\/\">Poszukujemy lektor\u00f3w j\u0119zyka polskiego<\/a><\/h4><div class=\"simple-news-date\">24 marca 2023<\/div><div class=\"simple-news-excerpt\">Hej-hej! W zwi\u0105zku z otwarciem kurs\u00f3w j\u0119zykowych dla uchod\u017ac\u00f3w z Ukrainy \ud83c\uddfa\ud83c\udde6 poszukujemy lektor\u00f3w j\u0119zyka \ud83c\uddf5\ud83c\uddf1 polskiego \ud83d\udc69\ud83c\udffb\u200d\ud83d\udcbbCzego potrzebujemy:\ud83d\udd0d Studia kierunkowe (filologia) lub znajomo\u015b\u0107 j\u0119zyka polskiego oraz ukrai\u0144skiego na poziomie min B2\ud83d\udd0d Empatii i zrozumienia dla uczestnik\u00f3w kursu\ud83d\udd0d Komunikatywno\u015bci i otwarto\u015bci do ludziCo oferujemy:\u25ab\ufe0fSzanse na rozw\u00f3j i realizacje ciekawych, w tym autorskich projekt\u00f3w\u25ab\ufe0fWsparcie na ka\u017cdym [&hellip;]<\/div><\/div><\/div><div id=\"post-id-1045\" class=\"simple-news-item\"><div class=\"simple-news-img-con\"><a class=\"simple-news-item-link\" href=\"https:\/\/fundacjawieluserc.pl\/index.php\/news\/pierniczek-dla-ciebie\/\"><img loading=\"lazy\" decoding=\"async\" width=\"700\" height=\"700\" src=\"https:\/\/fundacjawieluserc.pl\/wp-content\/uploads\/2023\/03\/pierniczki-700x700.webp\" class=\"simple-news-img-default wp-post-image\" alt=\"\" srcset=\"https:\/\/fundacjawieluserc.pl\/wp-content\/uploads\/2023\/03\/pierniczki-700x700.webp 700w, https:\/\/fundacjawieluserc.pl\/wp-content\/uploads\/2023\/03\/pierniczki-100x100.webp 100w, https:\/\/fundacjawieluserc.pl\/wp-content\/uploads\/2023\/03\/pierniczki-600x600.webp 600w, https:\/\/fundacjawieluserc.pl\/wp-content\/uploads\/2023\/03\/pierniczki-300x300.webp 300w, https:\/\/fundacjawieluserc.pl\/wp-content\/uploads\/2023\/03\/pierniczki-150x150.webp 150w, https:\/\/fundacjawieluserc.pl\/wp-content\/uploads\/2023\/03\/pierniczki-768x768.webp 768w, https:\/\/fundacjawieluserc.pl\/wp-content\/uploads\/2023\/03\/pierniczki-800x800.webp 800w, https:\/\/fundacjawieluserc.pl\/wp-content\/uploads\/2023\/03\/pierniczki.webp 900w\" sizes=\"auto, (max-width: 700px) 100vw, 700px\" \/><\/a><\/div><div class=\"simple-news-text-con\"><h4 class=\"simple-news-title\"><a class=\"simple-news-item-link\" href=\"https:\/\/fundacjawieluserc.pl\/index.php\/news\/pierniczek-dla-ciebie\/\">Pierniczek dla Ciebie! \u2665\ufe0f<\/a><\/h4><div class=\"simple-news-date\">24 marca 2023<\/div><div class=\"simple-news-excerpt\">Wesprzyj dzia\u0142ania statutowe Fundacji kwot\u0105 minimum 25 z\u0142., a otrzymasz dowolnie przez siebie wybrany, r\u0119cznie zdobiony i tworzony z mi\u0142o\u015bci pierniczek! Napisz do nas kontakt@fundacjawieluserc.pl lub zadzwo\u0144 530 141 828 WP\u0141ACI\u0106 MO\u017bESZ TUTAJ<\/div><\/div><\/div><div id=\"post-id-1043\" class=\"simple-news-item\"><div class=\"simple-news-img-con\"><a class=\"simple-news-item-link\" href=\"https:\/\/fundacjawieluserc.pl\/index.php\/news\/serduszko-pomocy\/\"><img loading=\"lazy\" decoding=\"async\" width=\"700\" height=\"700\" src=\"https:\/\/fundacjawieluserc.pl\/wp-content\/uploads\/2023\/03\/serduszko_pomocy-700x700.webp\" class=\"simple-news-img-default wp-post-image\" alt=\"\" srcset=\"https:\/\/fundacjawieluserc.pl\/wp-content\/uploads\/2023\/03\/serduszko_pomocy-700x700.webp 700w, https:\/\/fundacjawieluserc.pl\/wp-content\/uploads\/2023\/03\/serduszko_pomocy-100x100.webp 100w, https:\/\/fundacjawieluserc.pl\/wp-content\/uploads\/2023\/03\/serduszko_pomocy-600x600.webp 600w, https:\/\/fundacjawieluserc.pl\/wp-content\/uploads\/2023\/03\/serduszko_pomocy-300x300.webp 300w, https:\/\/fundacjawieluserc.pl\/wp-content\/uploads\/2023\/03\/serduszko_pomocy-150x150.webp 150w, https:\/\/fundacjawieluserc.pl\/wp-content\/uploads\/2023\/03\/serduszko_pomocy-768x768.webp 768w, https:\/\/fundacjawieluserc.pl\/wp-content\/uploads\/2023\/03\/serduszko_pomocy-800x800.webp 800w, https:\/\/fundacjawieluserc.pl\/wp-content\/uploads\/2023\/03\/serduszko_pomocy.webp 900w\" sizes=\"auto, (max-width: 700px) 100vw, 700px\" \/><\/a><\/div><div class=\"simple-news-text-con\"><h4 class=\"simple-news-title\"><a class=\"simple-news-item-link\" href=\"https:\/\/fundacjawieluserc.pl\/index.php\/news\/serduszko-pomocy\/\">Serduszko Pomocy<\/a><\/h4><div class=\"simple-news-date\">24 marca 2023<\/div><div class=\"simple-news-excerpt\">Kochani, rusza nasza akcja charytatywna, stworzona razem z Irin\u0105, uchod\u017aczyni\u0105 z obw. Cherso\u0144skiego, kt\u00f3ra zgodzi\u0142a si\u0119 wypiec przepyszne pierniczki patriotyczne, na rzecz pomocy Ukrainie \ud83c\uddfa\ud83c\udde6 &nbsp;\ud83d\udd0d Jak to dzia\u0142a?&nbsp; 1. Wybierz wz\u00f3r pierniczka i ilo\u015b\u0107 (mo\u017cna kupi\u0107 od razu zestaw)2. Napisz do nas DM lub umie\u015b\u0107 '+&#8217; w komentarzu Instagram: https:\/\/www.instagram.com\/fundacjawieluserc\/ \ud83d\udc48\ud83c\udffcEmail: kontakt@fundacjawieluserc.pl \ud83d\udc48\ud83c\udffc Pierniczki [&hellip;]<\/div><\/div><\/div><div id=\"post-id-1041\" class=\"simple-news-item\"><div class=\"simple-news-img-con\"><a class=\"simple-news-item-link\" href=\"https:\/\/fundacjawieluserc.pl\/index.php\/news\/pomoz-strazakom-ratowac-swoj-kraj\/\"><img loading=\"lazy\" decoding=\"async\" width=\"700\" height=\"700\" src=\"https:\/\/fundacjawieluserc.pl\/wp-content\/uploads\/2023\/03\/pomoz_strazakom-700x700.webp\" class=\"simple-news-img-default wp-post-image\" alt=\"\" srcset=\"https:\/\/fundacjawieluserc.pl\/wp-content\/uploads\/2023\/03\/pomoz_strazakom-700x700.webp 700w, https:\/\/fundacjawieluserc.pl\/wp-content\/uploads\/2023\/03\/pomoz_strazakom-100x100.webp 100w, https:\/\/fundacjawieluserc.pl\/wp-content\/uploads\/2023\/03\/pomoz_strazakom-600x600.webp 600w, https:\/\/fundacjawieluserc.pl\/wp-content\/uploads\/2023\/03\/pomoz_strazakom-300x300.webp 300w, https:\/\/fundacjawieluserc.pl\/wp-content\/uploads\/2023\/03\/pomoz_strazakom-150x150.webp 150w, https:\/\/fundacjawieluserc.pl\/wp-content\/uploads\/2023\/03\/pomoz_strazakom-768x768.webp 768w, https:\/\/fundacjawieluserc.pl\/wp-content\/uploads\/2023\/03\/pomoz_strazakom-800x800.webp 800w, https:\/\/fundacjawieluserc.pl\/wp-content\/uploads\/2023\/03\/pomoz_strazakom.webp 900w\" sizes=\"auto, (max-width: 700px) 100vw, 700px\" \/><\/a><\/div><div class=\"simple-news-text-con\"><h4 class=\"simple-news-title\"><a class=\"simple-news-item-link\" href=\"https:\/\/fundacjawieluserc.pl\/index.php\/news\/pomoz-strazakom-ratowac-swoj-kraj\/\">Pom\u00f3\u017c stra\u017cakom ratowa\u0107 sw\u00f3j kraj!<\/a><\/h4><div class=\"simple-news-date\">24 marca 2023<\/div><div class=\"simple-news-excerpt\">Kochani, ostatnio ruszy\u0142a zbi\u00f3rka pomocy stra\u017cakom z Ukrainy. Dzi\u015b chcemy Wam powiedzie\u0107, dlaczego podj\u0119li\u015bmy si\u0119 tego zadania i dlaczego jest ono naprawd\u0119 wa\u017cne\u261d\ud83c\udffc Z pro\u015bb\u0105 o pomoc zwr\u00f3cili si\u0119 do nas mieszka\u0144cy Chersonia (obecnie okupowanego przez Rosj\u0119). Ich miasto jest w niebezpiecze\u0144stwie, ale zebrali si\u0119 razem i za\u0142o\u017cyli fundacj\u0119 (World with Ukraine\ud83c\uddfa\ud83c\udde6), kt\u00f3ra ma na [&hellip;]<\/div><\/div><\/div><div id=\"post-id-1038\" class=\"simple-news-item\"><div class=\"simple-news-img-con\"><a class=\"simple-news-item-link\" href=\"https:\/\/fundacjawieluserc.pl\/index.php\/news\/przyjaciele-z-usa-przylaczyli-sie-do-pomocy-strazakom\/\"><img loading=\"lazy\" decoding=\"async\" width=\"700\" height=\"700\" src=\"https:\/\/fundacjawieluserc.pl\/wp-content\/uploads\/2023\/03\/ze_stanow-700x700.webp\" class=\"simple-news-img-default wp-post-image\" alt=\"\" srcset=\"https:\/\/fundacjawieluserc.pl\/wp-content\/uploads\/2023\/03\/ze_stanow-700x700.webp 700w, https:\/\/fundacjawieluserc.pl\/wp-content\/uploads\/2023\/03\/ze_stanow-100x100.webp 100w, https:\/\/fundacjawieluserc.pl\/wp-content\/uploads\/2023\/03\/ze_stanow-600x600.webp 600w, https:\/\/fundacjawieluserc.pl\/wp-content\/uploads\/2023\/03\/ze_stanow-300x300.webp 300w, https:\/\/fundacjawieluserc.pl\/wp-content\/uploads\/2023\/03\/ze_stanow-150x150.webp 150w, https:\/\/fundacjawieluserc.pl\/wp-content\/uploads\/2023\/03\/ze_stanow-768x768.webp 768w, https:\/\/fundacjawieluserc.pl\/wp-content\/uploads\/2023\/03\/ze_stanow-800x800.webp 800w, https:\/\/fundacjawieluserc.pl\/wp-content\/uploads\/2023\/03\/ze_stanow.webp 900w\" sizes=\"auto, (max-width: 700px) 100vw, 700px\" \/><\/a><\/div><div class=\"simple-news-text-con\"><h4 class=\"simple-news-title\"><a class=\"simple-news-item-link\" href=\"https:\/\/fundacjawieluserc.pl\/index.php\/news\/przyjaciele-z-usa-przylaczyli-sie-do-pomocy-strazakom\/\">Przyjaciele z USA przy\u0142\u0105czyli si\u0119 do pomocy stra\u017cakom \u2665\ufe0f<\/a><\/h4><div class=\"simple-news-date\">24 marca 2023<\/div><div class=\"simple-news-excerpt\">W ramach aktualizacji zbi\u00f3rki dla bohaterskich ukrai\u0144skich stra\u017cak\u00f3w, kt\u00f3rzy ka\u017cdego dnia ratuj\u0105 ludzkie \u017cycie, mamy dla wszystkich bardzo dobr\u0105 wiadomo\u015b\u0107 \ud83d\udc99 W akcj\u0119 przygotowan\u0105 przez dwie fundacje: Fundacj\u0119 Wielu Serc oraz Fundacj\u0119 World With Ukraine z Ukrainy w\u0142\u0105czyli si\u0119 nasi przyjaciele ze Stan\u00f3w Zjednoczonych \ud83c\uddfa\ud83c\uddf8 Czekamy na pierwsz\u0105 wys\u0142an\u0105 przez nich paczk\u0119! Bardzo ucieszyli\u015bmy si\u0119, [&hellip;]<\/div><\/div><\/div><div id=\"post-id-1036\" class=\"simple-news-item\"><div class=\"simple-news-img-con\"><a class=\"simple-news-item-link\" href=\"https:\/\/fundacjawieluserc.pl\/index.php\/news\/akcja-pomocy-strazakom-z-ukrainy\/\"><img loading=\"lazy\" decoding=\"async\" width=\"700\" height=\"700\" src=\"https:\/\/fundacjawieluserc.pl\/wp-content\/uploads\/2023\/03\/zbiorka-700x700.webp\" class=\"simple-news-img-default wp-post-image\" alt=\"\" srcset=\"https:\/\/fundacjawieluserc.pl\/wp-content\/uploads\/2023\/03\/zbiorka-700x700.webp 700w, https:\/\/fundacjawieluserc.pl\/wp-content\/uploads\/2023\/03\/zbiorka-100x100.webp 100w, https:\/\/fundacjawieluserc.pl\/wp-content\/uploads\/2023\/03\/zbiorka-600x600.webp 600w, https:\/\/fundacjawieluserc.pl\/wp-content\/uploads\/2023\/03\/zbiorka-300x300.webp 300w, https:\/\/fundacjawieluserc.pl\/wp-content\/uploads\/2023\/03\/zbiorka-150x150.webp 150w, https:\/\/fundacjawieluserc.pl\/wp-content\/uploads\/2023\/03\/zbiorka-768x768.webp 768w, https:\/\/fundacjawieluserc.pl\/wp-content\/uploads\/2023\/03\/zbiorka-800x800.webp 800w, https:\/\/fundacjawieluserc.pl\/wp-content\/uploads\/2023\/03\/zbiorka.webp 900w\" sizes=\"auto, (max-width: 700px) 100vw, 700px\" \/><\/a><\/div><div class=\"simple-news-text-con\"><h4 class=\"simple-news-title\"><a class=\"simple-news-item-link\" href=\"https:\/\/fundacjawieluserc.pl\/index.php\/news\/akcja-pomocy-strazakom-z-ukrainy\/\">Akcja pomocy stra\u017cakom z Ukrainy \ud83c\uddf5\ud83c\uddf1 \u2665\ufe0f \ud83c\uddfa\ud83c\udde6<\/a><\/h4><div class=\"simple-news-date\">24 marca 2023<\/div><div class=\"simple-news-excerpt\">Kochani! Pragniemy poinformowa\u0107 o podj\u0119ciu wsp\u00f3\u0142pracy przez Fundacj\u0119 Wielu Serc \ud83c\uddf5\ud83c\uddf1 z Fundacj\u0105 World With Ukraine z Ukrainy \ud83c\uddfa\ud83c\udde6 Jest to niezwykle wa\u017cne dla nas wydarzenie z uwagi na fakt ch\u0119ci zorganizowania pomocy dla walcz\u0105cych o wolno\u015b\u0107 Ukrai\u0144c\u00f3w. Razem mo\u017cemy zdzia\u0142a\u0107 wi\u0119cej dobrego \ud83d\udcaa\ud83c\udffc Zajmiemy si\u0119 w najbli\u017cszych dniach zbi\u00f3rk\u0105 pieni\u0119dzy na rzecz ukrai\u0144skich ratownik\u00f3w [&hellip;]<\/div><\/div><\/div><div id=\"post-id-1034\" class=\"simple-news-item\"><div class=\"simple-news-img-con\"><a class=\"simple-news-item-link\" href=\"https:\/\/fundacjawieluserc.pl\/index.php\/news\/zapowiedz-zaproszenie-na-twarde-rozmowy\/\"><img loading=\"lazy\" decoding=\"async\" width=\"700\" height=\"700\" src=\"https:\/\/fundacjawieluserc.pl\/wp-content\/uploads\/2023\/03\/muzeum-700x700.webp\" class=\"simple-news-img-default wp-post-image\" alt=\"\" srcset=\"https:\/\/fundacjawieluserc.pl\/wp-content\/uploads\/2023\/03\/muzeum-700x700.webp 700w, https:\/\/fundacjawieluserc.pl\/wp-content\/uploads\/2023\/03\/muzeum-100x100.webp 100w, https:\/\/fundacjawieluserc.pl\/wp-content\/uploads\/2023\/03\/muzeum-600x600.webp 600w, https:\/\/fundacjawieluserc.pl\/wp-content\/uploads\/2023\/03\/muzeum-300x300.webp 300w, https:\/\/fundacjawieluserc.pl\/wp-content\/uploads\/2023\/03\/muzeum-150x150.webp 150w, https:\/\/fundacjawieluserc.pl\/wp-content\/uploads\/2023\/03\/muzeum-768x768.webp 768w, https:\/\/fundacjawieluserc.pl\/wp-content\/uploads\/2023\/03\/muzeum-800x800.webp 800w, https:\/\/fundacjawieluserc.pl\/wp-content\/uploads\/2023\/03\/muzeum.webp 900w\" sizes=\"auto, (max-width: 700px) 100vw, 700px\" \/><\/a><\/div><div class=\"simple-news-text-con\"><h4 class=\"simple-news-title\"><a class=\"simple-news-item-link\" href=\"https:\/\/fundacjawieluserc.pl\/index.php\/news\/zapowiedz-zaproszenie-na-twarde-rozmowy\/\">Zapowied\u017a &#8211; zaproszenie na \u201eTwarde Rozmowy\u201d \u270d\ud83c\udffd \ud83d\ude4c\ud83c\udffc<\/a><\/h4><div class=\"simple-news-date\">24 marca 2023<\/div><div class=\"simple-news-excerpt\">Ju\u017c 26 kwietnia 2022 r. o godz. 18:00 \ud83d\udd14 w Muzeum Powstania Warszawskiego, przy ul. Grzybowskiej 79 w Warszawie, odb\u0119dzie si\u0119 wydarzenie &#8222;Twarde Rozmowy&#8221;\u00a0 Zapraszamy do hali Muzeum, w kt\u00f3rej znajduje si\u0119 replika Liberatora B-24. O niezwyk\u0142ym poecie, ksi\u0119dzu Janie Twardowskim oraz o jego wspania\u0142ej tw\u00f3rczo\u015bci rozmawia\u0107 b\u0119d\u0105 z uczestnikami spotkania wspaniali prelegenci. B\u0119dziecie mogli [&hellip;]<\/div><\/div><\/div><div id=\"post-id-1032\" class=\"simple-news-item\"><div class=\"simple-news-img-con\"><a class=\"simple-news-item-link\" href=\"https:\/\/fundacjawieluserc.pl\/index.php\/news\/wesolego-alleluja\/\"><img loading=\"lazy\" decoding=\"async\" width=\"700\" height=\"700\" src=\"https:\/\/fundacjawieluserc.pl\/wp-content\/uploads\/2023\/03\/alleluja-700x700.webp\" class=\"simple-news-img-default wp-post-image\" alt=\"\" srcset=\"https:\/\/fundacjawieluserc.pl\/wp-content\/uploads\/2023\/03\/alleluja-700x700.webp 700w, https:\/\/fundacjawieluserc.pl\/wp-content\/uploads\/2023\/03\/alleluja-100x100.webp 100w, https:\/\/fundacjawieluserc.pl\/wp-content\/uploads\/2023\/03\/alleluja-600x600.webp 600w, https:\/\/fundacjawieluserc.pl\/wp-content\/uploads\/2023\/03\/alleluja-300x300.webp 300w, https:\/\/fundacjawieluserc.pl\/wp-content\/uploads\/2023\/03\/alleluja-150x150.webp 150w, https:\/\/fundacjawieluserc.pl\/wp-content\/uploads\/2023\/03\/alleluja-768x768.webp 768w, https:\/\/fundacjawieluserc.pl\/wp-content\/uploads\/2023\/03\/alleluja-800x800.webp 800w, https:\/\/fundacjawieluserc.pl\/wp-content\/uploads\/2023\/03\/alleluja.webp 900w\" sizes=\"auto, (max-width: 700px) 100vw, 700px\" \/><\/a><\/div><div class=\"simple-news-text-con\"><h4 class=\"simple-news-title\"><a class=\"simple-news-item-link\" href=\"https:\/\/fundacjawieluserc.pl\/index.php\/news\/wesolego-alleluja\/\">Weso\u0142ego Alleluja!<\/a><\/h4><div class=\"simple-news-date\">24 marca 2023<\/div><div class=\"simple-news-excerpt\">Niech \u017cywa nadzieja, czysta mi\u0142o\u015b\u0107 i bezinteresowno\u015b\u0107 wp\u0142yn\u0105 na Wasze \u017cycie i sprawi\u0105, \u017ce uroczysto\u015b\u0107 Wielkanocna b\u0119dzie znacz\u0105ca i przemieniaj\u0105ca pod ka\u017cdym wzgl\u0119dem \ud83d\udcab W imieniu ca\u0142ego zespo\u0142u Fundacji Wielu SercWeso\u0142ego Alleluja! \ud83d\udc23<\/div><\/div><\/div><div id=\"post-id-1026\" class=\"simple-news-item\"><div class=\"simple-news-img-con\"><a class=\"simple-news-item-link\" href=\"https:\/\/fundacjawieluserc.pl\/index.php\/news\/darmowy-kurs-jezyka-polskiego-dla-uchodzcow\/\"><img loading=\"lazy\" decoding=\"async\" width=\"700\" height=\"700\" src=\"https:\/\/fundacjawieluserc.pl\/wp-content\/uploads\/2023\/03\/nauka-700x700.webp\" class=\"simple-news-img-default wp-post-image\" alt=\"\" srcset=\"https:\/\/fundacjawieluserc.pl\/wp-content\/uploads\/2023\/03\/nauka-700x700.webp 700w, https:\/\/fundacjawieluserc.pl\/wp-content\/uploads\/2023\/03\/nauka-100x100.webp 100w, https:\/\/fundacjawieluserc.pl\/wp-content\/uploads\/2023\/03\/nauka-600x600.webp 600w, https:\/\/fundacjawieluserc.pl\/wp-content\/uploads\/2023\/03\/nauka-300x300.webp 300w, https:\/\/fundacjawieluserc.pl\/wp-content\/uploads\/2023\/03\/nauka-150x150.webp 150w, https:\/\/fundacjawieluserc.pl\/wp-content\/uploads\/2023\/03\/nauka-768x768.webp 768w, https:\/\/fundacjawieluserc.pl\/wp-content\/uploads\/2023\/03\/nauka-800x800.webp 800w, https:\/\/fundacjawieluserc.pl\/wp-content\/uploads\/2023\/03\/nauka.webp 900w\" sizes=\"auto, (max-width: 700px) 100vw, 700px\" \/><\/a><\/div><div class=\"simple-news-text-con\"><h4 class=\"simple-news-title\"><a class=\"simple-news-item-link\" href=\"https:\/\/fundacjawieluserc.pl\/index.php\/news\/darmowy-kurs-jezyka-polskiego-dla-uchodzcow\/\">Darmowy kurs j\u0119zyka polskiego dla uchod\u017ac\u00f3w<\/a><\/h4><div class=\"simple-news-date\">24 marca 2023<\/div><div class=\"simple-news-excerpt\">Hej-hej! Nadszed\u0142 czas, aby podzieli\u0107 si\u0119 z Wami naszymi planami i celami na najbli\u017csz\u0105 przysz\u0142o\u015b\u0107 \ud83d\udcaa\ud83c\udffc Jak wiecie, dopiero niedawno rozpocz\u0119li\u015bmy nasz\u0105 dzia\u0142alno\u015b\u0107 jako Fundacja Wielu Serc \u2764\ufe0f Wcze\u015bniej byli\u015bmy r\u00f3wnie\u017c aktywni w \u017cyciu spo\u0142eczno-kulturalnym ca\u0142ej Polski (i nie tylko). Jest to dla nas prawdziw\u0105 pasj\u0105. W\u015br\u00f3d naszych pracownik\u00f3w s\u0105 tak\u017ce osoby z Ukrainy \ud83c\uddfa\ud83c\udde6 [&hellip;]<\/div><\/div><\/div><div id=\"post-id-1023\" class=\"simple-news-item\"><div class=\"simple-news-img-con\"><a class=\"simple-news-item-link\" href=\"https:\/\/fundacjawieluserc.pl\/index.php\/news\/1023\/\"><img loading=\"lazy\" decoding=\"async\" width=\"700\" height=\"700\" src=\"https:\/\/fundacjawieluserc.pl\/wp-content\/uploads\/2023\/03\/zbiorka1-700x700.webp\" class=\"simple-news-img-default wp-post-image\" alt=\"\" srcset=\"https:\/\/fundacjawieluserc.pl\/wp-content\/uploads\/2023\/03\/zbiorka1-700x700.webp 700w, https:\/\/fundacjawieluserc.pl\/wp-content\/uploads\/2023\/03\/zbiorka1-100x100.webp 100w, https:\/\/fundacjawieluserc.pl\/wp-content\/uploads\/2023\/03\/zbiorka1-600x600.webp 600w, https:\/\/fundacjawieluserc.pl\/wp-content\/uploads\/2023\/03\/zbiorka1-300x300.webp 300w, https:\/\/fundacjawieluserc.pl\/wp-content\/uploads\/2023\/03\/zbiorka1-150x150.webp 150w, https:\/\/fundacjawieluserc.pl\/wp-content\/uploads\/2023\/03\/zbiorka1-768x768.webp 768w, https:\/\/fundacjawieluserc.pl\/wp-content\/uploads\/2023\/03\/zbiorka1-800x800.webp 800w, https:\/\/fundacjawieluserc.pl\/wp-content\/uploads\/2023\/03\/zbiorka1.webp 900w\" sizes=\"auto, (max-width: 700px) 100vw, 700px\" \/><\/a><\/div><div class=\"simple-news-text-con\"><h4 class=\"simple-news-title\"><a class=\"simple-news-item-link\" href=\"https:\/\/fundacjawieluserc.pl\/index.php\/news\/1023\/\">Pomoc Ukrainie<\/a><\/h4><div class=\"simple-news-date\">24 marca 2023<\/div><div class=\"simple-news-excerpt\"><\/div><\/div><\/div><div id=\"post-id-1005\" class=\"simple-news-item\"><div class=\"simple-news-img-con\"><a class=\"simple-news-item-link\" href=\"https:\/\/fundacjawieluserc.pl\/index.php\/news\/twarde-rozmowy-26-04-2022-muzeum-powstania-warszawskiego\/\"><img loading=\"lazy\" decoding=\"async\" width=\"700\" height=\"700\" src=\"https:\/\/fundacjawieluserc.pl\/wp-content\/uploads\/2023\/03\/twarde1-700x700.webp\" class=\"simple-news-img-default wp-post-image\" alt=\"\" srcset=\"https:\/\/fundacjawieluserc.pl\/wp-content\/uploads\/2023\/03\/twarde1-700x700.webp 700w, https:\/\/fundacjawieluserc.pl\/wp-content\/uploads\/2023\/03\/twarde1-100x100.webp 100w, https:\/\/fundacjawieluserc.pl\/wp-content\/uploads\/2023\/03\/twarde1-600x600.webp 600w, https:\/\/fundacjawieluserc.pl\/wp-content\/uploads\/2023\/03\/twarde1-300x300.webp 300w, https:\/\/fundacjawieluserc.pl\/wp-content\/uploads\/2023\/03\/twarde1-150x150.webp 150w, https:\/\/fundacjawieluserc.pl\/wp-content\/uploads\/2023\/03\/twarde1-768x768.webp 768w, https:\/\/fundacjawieluserc.pl\/wp-content\/uploads\/2023\/03\/twarde1-800x800.webp 800w, https:\/\/fundacjawieluserc.pl\/wp-content\/uploads\/2023\/03\/twarde1.webp 900w\" sizes=\"auto, (max-width: 700px) 100vw, 700px\" \/><\/a><\/div><div class=\"simple-news-text-con\"><h4 class=\"simple-news-title\"><a class=\"simple-news-item-link\" href=\"https:\/\/fundacjawieluserc.pl\/index.php\/news\/twarde-rozmowy-26-04-2022-muzeum-powstania-warszawskiego\/\">\u201eTWARDE ROZMOWY\u201d  \u2013 26.04.2022, MUZEUM POWSTANIA WARSZAWSKIEGO<\/a><\/h4><div class=\"simple-news-date\">23 marca 2023<\/div><div class=\"simple-news-excerpt\">Anonsujemy! \ud83d\ude0d Ju\u017c 26 kwietnia \u2013 Wydarzenie &#8222;Twarde Rozmowy&#8221; to&nbsp;autorski cykl spotka\u0144, rozm\u00f3w i&nbsp;wspomnie\u0144 o&nbsp;ks.&nbsp;Janie Twardowskim, kt\u00f3rego&nbsp;tw\u00f3rczo\u015b\u0107 znana jest w&nbsp;ca\u0142ej Polsce oraz&nbsp;na&nbsp;\u015bwiecie. Naszym celem jest podtrzymywanie pami\u0119ci o ksi\u0119dzu, wielkim poecie oraz propagowanie jego niezwykle bogatego dorobku literackiego \ud83d\udcdc B\u0119dzie to&nbsp;spotkanie ze&nbsp;znakomitymi prelegentami. S\u0105 nimi: \ud83d\udcac Waldemar Smaszcz. Historyk literatury, wybitny i ceniony krytyk literacki, [&hellip;]<\/div><\/div><\/div><div id=\"post-id-1004\" class=\"simple-news-item\"><div class=\"simple-news-img-con\"><a class=\"simple-news-item-link\" href=\"https:\/\/fundacjawieluserc.pl\/index.php\/news\/relacja-z-wydarzenia-organowe-strofy-24-04-2022\/\"><img loading=\"lazy\" decoding=\"async\" width=\"700\" height=\"700\" src=\"https:\/\/fundacjawieluserc.pl\/wp-content\/uploads\/2023\/03\/organowe-700x700.webp\" class=\"simple-news-img-default wp-post-image\" alt=\"\" srcset=\"https:\/\/fundacjawieluserc.pl\/wp-content\/uploads\/2023\/03\/organowe-700x700.webp 700w, https:\/\/fundacjawieluserc.pl\/wp-content\/uploads\/2023\/03\/organowe-100x100.webp 100w, https:\/\/fundacjawieluserc.pl\/wp-content\/uploads\/2023\/03\/organowe-600x600.webp 600w, https:\/\/fundacjawieluserc.pl\/wp-content\/uploads\/2023\/03\/organowe-300x300.webp 300w, https:\/\/fundacjawieluserc.pl\/wp-content\/uploads\/2023\/03\/organowe-150x150.webp 150w, https:\/\/fundacjawieluserc.pl\/wp-content\/uploads\/2023\/03\/organowe-768x768.webp 768w, https:\/\/fundacjawieluserc.pl\/wp-content\/uploads\/2023\/03\/organowe-800x800.webp 800w, https:\/\/fundacjawieluserc.pl\/wp-content\/uploads\/2023\/03\/organowe.webp 900w\" sizes=\"auto, (max-width: 700px) 100vw, 700px\" \/><\/a><\/div><div class=\"simple-news-text-con\"><h4 class=\"simple-news-title\"><a class=\"simple-news-item-link\" href=\"https:\/\/fundacjawieluserc.pl\/index.php\/news\/relacja-z-wydarzenia-organowe-strofy-24-04-2022\/\">Relacja z wydarzenia \u201eOrganowe strofy\u201d \u2013 24.04.2022<\/a><\/h4><div class=\"simple-news-date\">23 marca 2023<\/div><div class=\"simple-news-excerpt\">Kochani, nasza wczorajsza uroczysto\u015b\u0107 odby\u0142a si\u0119 wspaniale \ud83d\ude0d Pod przewodnictwem ksi\u0119dza Grzegorza Mazura, prelegenci odpowiadali na pytania i dzielili si\u0119 z Wami swoj\u0105 bezcenn\u0105 wiedz\u0105 \ud83d\udc4f\ud83c\udffc Serdecznie dzi\u0119kujemy, \u017ce byli\u015bcie z nami. Mamy nadziej\u0119, \u017ce Wam r\u00f3wnie\u017c si\u0119 spodoba\u0142o. Prawdziwa klasyczna muzyka organowa wywo\u0142uje wyj\u0105tkowe emocje, a w po\u0142\u0105czeniu z poezj\u0105 jest niezb\u0119dnym pokarmem dla [&hellip;]<\/div><\/div><\/div><div id=\"post-id-1002\" class=\"simple-news-item\"><div class=\"simple-news-img-con\"><a class=\"simple-news-item-link\" href=\"https:\/\/fundacjawieluserc.pl\/index.php\/news\/poezja-inspiruje-i-laczy-pokolenia-dolacz-do-nas\/\"><img loading=\"lazy\" decoding=\"async\" width=\"700\" height=\"700\" src=\"https:\/\/fundacjawieluserc.pl\/wp-content\/uploads\/2023\/03\/poezja-700x700.webp\" class=\"simple-news-img-default wp-post-image\" alt=\"\" srcset=\"https:\/\/fundacjawieluserc.pl\/wp-content\/uploads\/2023\/03\/poezja-700x700.webp 700w, https:\/\/fundacjawieluserc.pl\/wp-content\/uploads\/2023\/03\/poezja-100x100.webp 100w, https:\/\/fundacjawieluserc.pl\/wp-content\/uploads\/2023\/03\/poezja-600x600.webp 600w, https:\/\/fundacjawieluserc.pl\/wp-content\/uploads\/2023\/03\/poezja-300x300.webp 300w, https:\/\/fundacjawieluserc.pl\/wp-content\/uploads\/2023\/03\/poezja-150x150.webp 150w, https:\/\/fundacjawieluserc.pl\/wp-content\/uploads\/2023\/03\/poezja-768x768.webp 768w, https:\/\/fundacjawieluserc.pl\/wp-content\/uploads\/2023\/03\/poezja-800x800.webp 800w, https:\/\/fundacjawieluserc.pl\/wp-content\/uploads\/2023\/03\/poezja.webp 900w\" sizes=\"auto, (max-width: 700px) 100vw, 700px\" \/><\/a><\/div><div class=\"simple-news-text-con\"><h4 class=\"simple-news-title\"><a class=\"simple-news-item-link\" href=\"https:\/\/fundacjawieluserc.pl\/index.php\/news\/poezja-inspiruje-i-laczy-pokolenia-dolacz-do-nas\/\">Poezja inspiruje i \u0142\u0105czy pokolenia. Do\u0142\u0105cz do nas!<\/a><\/h4><div class=\"simple-news-date\">23 marca 2023<\/div><div class=\"simple-news-excerpt\">Fundacja Wielu Serc, zaprasza m\u0142odzie\u017c o\u015brodk\u00f3w wychowawczych i osoby starsze mieszkaj\u0105ce w domach opieki na spotkanie, kt\u00f3re zbuduje d\u0142ugotrwa\u0142y most mi\u0119dzy dorastaj\u0105cym, wchodz\u0105cym w \u017cycie pokoleniem, a do\u015bwiadczon\u0105, pe\u0142n\u0105 m\u0105dro\u015bci i cennej wiedzy generacj\u0105 os\u00f3b na emeryturze \ud83d\ude4c\ud83c\udffc \ud83d\udca1Sk\u0105d taki pomys\u0142?\ud83d\udc47\ud83c\udffc Jest to idealna sposobno\u015b\u0107 do podzielenia si\u0119 swoim spojrzeniem na \u015bwiat pomi\u0119dzy dwoma r\u00f3\u017cnymi [&hellip;]<\/div><\/div><\/div><div id=\"post-id-1000\" class=\"simple-news-item\"><div class=\"simple-news-img-con\"><a class=\"simple-news-item-link\" href=\"https:\/\/fundacjawieluserc.pl\/index.php\/news\/1000\/\"><img loading=\"lazy\" decoding=\"async\" width=\"700\" height=\"700\" src=\"https:\/\/fundacjawieluserc.pl\/wp-content\/uploads\/2023\/03\/pomagamy_ukrainie-700x700.webp\" class=\"simple-news-img-default wp-post-image\" alt=\"\" srcset=\"https:\/\/fundacjawieluserc.pl\/wp-content\/uploads\/2023\/03\/pomagamy_ukrainie-700x700.webp 700w, https:\/\/fundacjawieluserc.pl\/wp-content\/uploads\/2023\/03\/pomagamy_ukrainie-100x100.webp 100w, https:\/\/fundacjawieluserc.pl\/wp-content\/uploads\/2023\/03\/pomagamy_ukrainie-600x600.webp 600w, https:\/\/fundacjawieluserc.pl\/wp-content\/uploads\/2023\/03\/pomagamy_ukrainie-300x300.webp 300w, https:\/\/fundacjawieluserc.pl\/wp-content\/uploads\/2023\/03\/pomagamy_ukrainie-150x150.webp 150w, https:\/\/fundacjawieluserc.pl\/wp-content\/uploads\/2023\/03\/pomagamy_ukrainie-768x768.webp 768w, https:\/\/fundacjawieluserc.pl\/wp-content\/uploads\/2023\/03\/pomagamy_ukrainie-800x800.webp 800w, https:\/\/fundacjawieluserc.pl\/wp-content\/uploads\/2023\/03\/pomagamy_ukrainie.webp 900w\" sizes=\"auto, (max-width: 700px) 100vw, 700px\" \/><\/a><\/div><div class=\"simple-news-text-con\"><h4 class=\"simple-news-title\"><a class=\"simple-news-item-link\" href=\"https:\/\/fundacjawieluserc.pl\/index.php\/news\/1000\/\">PomagaMY UKRAINIE<\/a><\/h4><div class=\"simple-news-date\">23 marca 2023<\/div><div class=\"simple-news-excerpt\">Razem z parafi\u0105 Bogurodzicy Maryi i portalem WybieramBoga.pl&nbsp;&nbsp;w najbli\u017csz\u0105 niedziel\u0119, 13 marca, od godz. 10.00 do 19.30 przy oznakowanych samochodach przed ko\u015bcio\u0142em prowadzi\u0107 b\u0119dziemy zbi\u00f3rk\u0119 najpotrzebniejszych rzeczy, kt\u00f3re niezw\u0142ocznie zostan\u0105 przewiezione na Ukrain\u0119. Prosimy o<\/div><\/div><\/div><\/div>","protected":false},"excerpt":{"rendered":"<p>Wydarzenia: Wcze\u015bniejsze wydarzenia:<\/p>\n","protected":false},"author":1,"featured_media":0,"parent":0,"menu_order":0,"comment_status":"closed","ping_status":"closed","template":"","meta":{"footnotes":""},"class_list":["post-1189","page","type-page","status-publish","hentry"],"blocksy_meta":[],"_links":{"self":[{"href":"https:\/\/fundacjawieluserc.pl\/index.php\/wp-json\/wp\/v2\/pages\/1189","targetHints":{"allow":["GET"]}}],"collection":[{"href":"https:\/\/fundacjawieluserc.pl\/index.php\/wp-json\/wp\/v2\/pages"}],"about":[{"href":"https:\/\/fundacjawieluserc.pl\/index.php\/wp-json\/wp\/v2\/types\/page"}],"author":[{"embeddable":true,"href":"https:\/\/fundacjawieluserc.pl\/index.php\/wp-json\/wp\/v2\/users\/1"}],"replies":[{"embeddable":true,"href":"https:\/\/fundacjawieluserc.pl\/index.php\/wp-json\/wp\/v2\/comments?post=1189"}],"version-history":[{"count":38,"href":"https:\/\/fundacjawieluserc.pl\/index.php\/wp-json\/wp\/v2\/pages\/1189\/revisions"}],"predecessor-version":[{"id":1537,"href":"https:\/\/fundacjawieluserc.pl\/index.php\/wp-json\/wp\/v2\/pages\/1189\/revisions\/1537"}],"wp:attachment":[{"href":"https:\/\/fundacjawieluserc.pl\/index.php\/wp-json\/wp\/v2\/media?parent=1189"}],"curies":[{"name":"wp","href":"https:\/\/api.w.org\/{rel}","templated":true}]}}